{"id":15176,"date":"2024-02-25T11:49:40","date_gmt":"2024-02-25T10:49:40","guid":{"rendered":"https:\/\/unikbotanik.se\/?page_id=15176"},"modified":"2026-02-02T16:48:52","modified_gmt":"2026-02-02T15:48:52","slug":"pa-gang","status":"publish","type":"page","link":"https:\/\/unikbotanik.se\/sv\/pa-gang\/","title":{"rendered":"P\u00e5 g\u00e5ng"},"content":{"rendered":"<div class=\"wpb-content-wrapper\"><p>[vc_row][vc_column][vc_column_text]P\u00e5 denna sida kan du hitta workshops, evenemang, m\u00e4ssor och annat som vi anordnar eller deltar i. V\u00e4lkommen att anm\u00e4la dig till workshop eller bes\u00f6ka oss n\u00e4r vi \u00e4r ute p\u00e5 vift i landet. Vi ser fram emot att tr\u00e4ffas!<br \/>\nN\u00e4r vi \u00e4r ute p\u00e5 m\u00e4ssor eller liknande kan vi oftast, i m\u00e5n av plats, ta med om du vill f\u00f6rbest\u00e4lla n\u00e5got. H\u00f6r av dig via mail, info@unikbotanik.se, s\u00e5 ser vi vad vi kan l\u00f6sa.[\/vc_column_text][\/vc_column][\/vc_row][vc_row][vc_column][vc_empty_space][\/vc_column][\/vc_row][vc_row disable_element=&#8221;yes&#8221;][vc_column width=&#8221;1\/4&#8243;][vc_single_image image=&#8221;15260&#8243; img_size=&#8221;medium&#8221; onclick=&#8221;custom_link&#8221; img_link_target=&#8221;_blank&#8221; link=&#8221;https:\/\/skarablomsterland.com\/&#8221;][\/vc_column][vc_column width=&#8221;3\/4&#8243;][vc_column_text]<strong>Skara blomsterland 14 mars 2024<\/strong><br \/>\nDen 14 mars bes\u00f6ker vi Skara blomsterland. Hit kan du komma och se n\u00e4r Gunnar arbetar med ett tr\u00e4d eller tv\u00e5. Kom g\u00e4rna och kika, f\u00e5 tips och id\u00e9er. Gunnar finns p\u00e5 plats mellan kl. 13-18.<br \/>\nHela dagen har de ocks\u00e5 20% rabatt i butiken. Varf\u00f6r inte passa p\u00e5 att k\u00f6pa ett litet nytt tr\u00e4d att f\u00f6rvandla till en vacker bonsai?[\/vc_column_text][\/vc_column][\/vc_row][vc_row][vc_column width=&#8221;2\/3&#8243;][vc_column_text]<strong>Nordiska tr\u00e4dg\u00e5rdar 26-29 mars 2026<\/strong><br \/>\nDen 26-29 mars kommer vi att delta i Nordens st\u00f6rsta tr\u00e4dg\u00e5rdsm\u00e4ssa!<br \/>\nNordiska tr\u00e4dg\u00e5rdar p\u00e5 Stockholmsm\u00e4ssan.<br \/>\nVi kommer att ha med lite verktyg och mindre krukor till f\u00f6rs\u00e4ljning. Men du kan ocks\u00e5 komma och titta p\u00e5 mycket av v\u00e5rt \u00f6vriga sortiment, som du sedan kan best\u00e4lla via hemsidan. Sj\u00e4lvklart finns ocks\u00e5 Gunnar d\u00e4r f\u00f6r att ber\u00e4tta allt du vill veta om Bonsai och svara p\u00e5 alla dina fr\u00e5gor.<br \/>\nH\u00e4r kan du l\u00e4sa mer om m\u00e4ssan: <a href=\"https:\/\/www.nordiskatradgardar.se\/\">Nordiska tr\u00e4dg\u00e5rdar<\/a>[\/vc_column_text][\/vc_column][vc_column width=&#8221;1\/3&#8243;][vc_single_image image=&#8221;15207&#8243; img_size=&#8221;medium&#8221; alignment=&#8221;center&#8221; css=&#8221;.vc_custom_1708887112504{margin-top: 20px !important;}&#8221;][\/vc_column][\/vc_row][vc_row disable_element=&#8221;yes&#8221;][vc_column width=&#8221;2\/3&#8243;][vc_column_text]<strong>Nordiska tr\u00e4dg\u00e5rdar 21-24 mars 2024<\/strong><br \/>\nDen 21-24 mars kommer vi att delta i Nordens st\u00f6rsta tr\u00e4dg\u00e5rdsm\u00e4ssa!<br \/>\nNordiska tr\u00e4dg\u00e5rdar p\u00e5 Stockholmsm\u00e4ssan. Vi finns i monter C15:62.<br \/>\nVi kommer att ha med lite verktyg och mindre krukor till f\u00f6rs\u00e4ljning. Men du kan ocks\u00e5 komma och titta p\u00e5 mycket av v\u00e5rt \u00f6vriga sortiment, som du sedan kan best\u00e4lla via hemsidan. Sj\u00e4lvklart finns ocks\u00e5 Gunnar d\u00e4r f\u00f6r att ber\u00e4tta allt du vill veta om Bonsai och svara p\u00e5 alla dina fr\u00e5gor.<br \/>\nH\u00e4r kan du l\u00e4sa mer om m\u00e4ssan: <a href=\"https:\/\/www.nordiskatradgardar.se\/\">Nordiska tr\u00e4dg\u00e5rdar<\/a>[\/vc_column_text][\/vc_column][vc_column width=&#8221;1\/3&#8243;][vc_single_image image=&#8221;15207&#8243; img_size=&#8221;medium&#8221; alignment=&#8221;center&#8221; css=&#8221;.vc_custom_1708887112504{margin-top: 20px !important;}&#8221;][\/vc_column][\/vc_row][vc_row][vc_column width=&#8221;1\/4&#8243;][vc_single_image image=&#8221;15213&#8243; img_size=&#8221;medium&#8221; alignment=&#8221;center&#8221; css=&#8221;.vc_custom_1708890837303{margin-top: 20px !important;}&#8221;][\/vc_column][vc_column width=&#8221;3\/4&#8243;][vc_column_text]<strong>Hanami 19 april 2026<\/strong><br \/>\nS\u00f6ndagen den 19 april hittar du oss p\u00e5 firandet av Hanami i Botaniska i G\u00f6teborg. D\u00e5 firas v\u00e5rens ankomst n\u00e4r k\u00f6rsb\u00e4rsblommorna sl\u00e5r ut med en stor festlig picknick i en av Europas st\u00f6rsta botaniska tr\u00e4dg\u00e5rdar.<br \/>\nKom och njut av v\u00e5ren i denna vackra park samtidigt som du kan prata med oss om Bonsai eller k\u00f6pa en ny liten kruka eller n\u00e5got verktyg.<br \/>\nL\u00e4s mer om Hanamin h\u00e4r: <a href=\"https:\/\/www.botaniska.se\/besok-oss\/program\/hanami\/\">Hanami<\/a>[\/vc_column_text][\/vc_column][\/vc_row][vc_row disable_element=&#8221;yes&#8221;][vc_column width=&#8221;1\/4&#8243;][vc_single_image image=&#8221;15213&#8243; img_size=&#8221;medium&#8221; alignment=&#8221;center&#8221; css=&#8221;.vc_custom_1708890837303{margin-top: 20px !important;}&#8221;][\/vc_column][vc_column width=&#8221;3\/4&#8243;][vc_column_text]<strong>Hanami 28 april 2024<\/strong><br \/>\nDen 28 april hittar du oss p\u00e5 firandet av Hanami i Botaniska i G\u00f6teborg. D\u00e5 firas v\u00e5rens ankomst n\u00e4r k\u00f6rsb\u00e4rsblommorna sl\u00e5r ut med en stor festlig picknick i en av Europas st\u00f6rsta botaniska tr\u00e4dg\u00e5rdar.<br \/>\nKom och njut av v\u00e5ren i denna vackra park samtidigt som du kan prata med oss om Bonsai eller k\u00f6pa en ny liten kruka eller n\u00e5got verktyg.<br \/>\nL\u00e4s mer om Hanamin h\u00e4r: <a href=\"https:\/\/www.botaniska.se\/besok-oss\/program\/hanami\/\">Hanami<\/a>[\/vc_column_text][\/vc_column][\/vc_row][vc_row disable_element=&#8221;yes&#8221;][vc_column width=&#8221;2\/3&#8243;][vc_column_text]<strong>Workshop 18 maj 2024<\/strong><br \/>\nDen 18 maj blir det workshop h\u00e4r hos oss i v\u00e5r tr\u00e4dg\u00e5rd.<br \/>\nDet blir en heldag med klippande och lindande. Ta med ett eget tr\u00e4d, antingen &#8221;r\u00e5material&#8221; fr\u00e5n plantskolan eller en p\u00e5b\u00f6rjad Bonsai du vill utveckla. Ta g\u00e4rna med mer \u00e4n ett s\u00e5 du har att g\u00f6ra hela dagen. Vi har verktyg och tr\u00e5d f\u00f6r ditt arbete.<br \/>\nVi startar kl. 9 och h\u00e5ller p\u00e5 fram till 17.<br \/>\nPris 300kr, inkl. enklare sopplunch, samt kaffe\/te och n\u00e5gon kaka till eftermiddagen. Anm\u00e4lan g\u00f6rs till info@unikbotanik.se. Meddela ev. allergier.<br \/>\nN\u00e4r du anm\u00e4lt dig f\u00e5r du betalningsanvisning och din anm\u00e4lan \u00e4r registrerad f\u00f6rst n\u00e4r din betalning \u00e4r genomf\u00f6rd. Anm\u00e4lan \u00e4r bindande, vid f\u00f6rhinder kan plats \u00f6verl\u00e5tas om det finns folk p\u00e5 k\u00f6. Det \u00e4r begr\u00e4nsat antal platser s\u00e5 f\u00f6rst till kvarn g\u00e4ller.[\/vc_column_text][\/vc_column][vc_column width=&#8221;1\/3&#8243;][vc_single_image image=&#8221;14257&#8243; img_size=&#8221;medium&#8221; css=&#8221;.vc_custom_1709380819835{margin-top: 50px !important;}&#8221;][\/vc_column][\/vc_row][vc_row disable_element=&#8221;yes&#8221;][vc_column][vc_column_text]<strong>Bonsaikurs 1 juni 2024<\/strong><br \/>\nDen 1 juni kommer Gunnar h\u00e5lla en endagarskurs i Sm\u00e5land. Mer info kommer inom kort.[\/vc_column_text][\/vc_column][\/vc_row][vc_row disable_element=&#8221;yes&#8221;][vc_column width=&#8221;1\/3&#8243;][vc_single_image image=&#8221;15217&#8243; img_size=&#8221;medium&#8221; alignment=&#8221;center&#8221; css=&#8221;.vc_custom_1708891023233{margin-top: 20px !important;}&#8221;][\/vc_column][vc_column width=&#8221;2\/3&#8243;][vc_column_text]<strong>Bonsaikurs i Sm\u00e5land 1 juni 2024<\/strong><br \/>\nDen 1 juni \u00e5ker Gunnar till Sm\u00e5land d\u00e4r han h\u00e5ller en heldagskurs i Bonsaihantverket.<br \/>\nVill du l\u00e4ra om Bonsaiens \u00e4dla konst mitt i den vackra svenska naturen? P\u00e5 en g\u00e5rd i L\u00f6nneberga har Maria Andersson startat en liten kursg\u00e5rd i en fin gammal lada.<br \/>\nDagen startar med ett kortare f\u00f6redrag om Bonsaiens historia, olika stilar och tekniker.<br \/>\nResten av dagen arbetar vi sedan med medhavda tr\u00e4d, under guidning av Gunnar. Man tar enklast med tv\u00e5 egna tr\u00e4d fr\u00e5n plantskola. De b\u00e4sta tr\u00e4den att skapa en Bonsai av har m\u00e5nga grenar, sm\u00e5 barr eller l\u00f6v och s\u00e5 intressant form som m\u00f6jligt. Ca tv\u00e5 veckor innan kursen mailar vi ut till samtliga anm\u00e4lda lite information om l\u00e4mpliga arter och vad du ska t\u00e4nka p\u00e5 n\u00e4r du v\u00e4ljer tr\u00e4d. (N\u00e5gra extratr\u00e4d kommer att g\u00e5 att k\u00f6pa p\u00e5 plats, men deras Bonsaikvalitet \u00e4r mycket blandad.)<\/p>\n<p>Kursen \u00e4r t\u00e4nkt f\u00f6r nyb\u00f6rjare, men alla \u00e4r givetvis v\u00e4lkomna.<br \/>\nKostnaden kommer bli 1200 kr och d\u00e5 ing\u00e5r lunch, fika och ett nyb\u00f6rjarpaket s\u00e5 du \u00e4ven kan forts\u00e4tta med ditt projekt hemma. Vi kommer att ha med lite extra tr\u00e5d i olika tjocklek f\u00f6r arbetet under dagen.<br \/>\nF\u00f6r dig under 20 ger vi lite rabatt och du betalar ist\u00e4llet 1000 kr.<br \/>\nKursen kommer att h\u00e5llas i ouppv\u00e4rmd lada, s\u00e5 vi har tak \u00f6ver huvudet men beroende p\u00e5 v\u00e4dret kan en extra tr\u00f6ja vara bra.<br \/>\nVi startar dagen kl. 10 och h\u00e5ller p\u00e5 till 17.<br \/>\n\u00d6nskar man n\u00e5gon \u00f6vernattning i samband med kursen, h\u00f6r av dig till Maria, m@ria.nu, s\u00e5 kan hon ge dig lite olika alternativ.<br \/>\nAnm\u00e4lan till info@unikbotanik.se, meddela ev allergier.<br \/>\nN\u00e4r du anm\u00e4lt dig f\u00e5r du betalningsanvisning och din anm\u00e4lan \u00e4r registrerad f\u00f6rst n\u00e4r din betalning \u00e4r genomf\u00f6rd. Anm\u00e4lan \u00e4r bindande, vid f\u00f6rhinder kan plats \u00f6verl\u00e5tas om det finns folk p\u00e5 k\u00f6. Det \u00e4r begr\u00e4nsat antal platser s\u00e5 f\u00f6rst till kvarn g\u00e4ller.[\/vc_column_text][\/vc_column][\/vc_row]<\/p>\n<\/div>","protected":false},"excerpt":{"rendered":"<p>[vc_row][vc_column][vc_column_text]P\u00e5 denna sida kan du hitta workshops, evenemang, m\u00e4ssor och annat som vi anordnar eller deltar i. V\u00e4lkommen att anm\u00e4la dig till workshop eller bes\u00f6ka oss n\u00e4r vi \u00e4r ute p\u00e5 vift i landet. Vi ser fram emot att tr\u00e4ffas! N\u00e4r vi \u00e4r ute p\u00e5 m\u00e4ssor eller liknande kan vi oftast, i m\u00e5n av plats, [&hellip;]<\/p>\n","protected":false},"author":2,"featured_media":0,"parent":0,"menu_order":0,"comment_status":"closed","ping_status":"closed","template":"","meta":{"_uag_custom_page_level_css":"","_uf_show_specific_survey":0,"_uf_disable_surveys":false,"site-sidebar-layout":"no-sidebar","site-content-layout":"plain-container","ast-site-content-layout":"default","site-content-style":"default","site-sidebar-style":"default","ast-global-header-display":"","ast-banner-title-visibility":"","ast-main-header-display":"","ast-hfb-above-header-display":"","ast-hfb-below-header-display":"","ast-hfb-mobile-header-display":"","site-post-title":"","ast-breadcrumbs-content":"","ast-featured-img":"disabled","footer-sml-layout":"","ast-disable-related-posts":"","theme-transparent-header-meta":"default","adv-header-id-meta":"","stick-header-meta":"default","header-above-stick-meta":"","header-main-stick-meta":"","header-below-stick-meta":"","astra-migrate-meta-layouts":"set","ast-page-background-enabled":"default","ast-page-background-meta":{"desktop":{"background-color":"var(--ast-global-color-4)","background-image":"","background-repeat":"repeat","background-position":"center center","background-size":"auto","background-attachment":"scroll","background-type":"","background-media":"","overlay-type":"","overlay-color":"","overlay-opacity":"","overlay-gradient":""},"tablet":{"background-color":"","background-image":"","background-repeat":"repeat","background-position":"center center","background-size":"auto","background-attachment":"scroll","background-type":"","background-media":"","overlay-type":"","overlay-color":"","overlay-opacity":"","overlay-gradient":""},"mobile":{"background-color":"","background-image":"","background-repeat":"repeat","background-position":"center center","background-size":"auto","background-attachment":"scroll","background-type":"","background-media":"","overlay-type":"","overlay-color":"","overlay-opacity":"","overlay-gradient":""}},"ast-content-background-meta":{"desktop":{"background-color":"var(--ast-global-color-5)","background-image":"","background-repeat":"repeat","background-position":"center center","background-size":"auto","background-attachment":"scroll","background-type":"","background-media":"","overlay-type":"","overlay-color":"","overlay-opacity":"","overlay-gradient":""},"tablet":{"background-color":"var(--ast-global-color-5)","background-image":"","background-repeat":"repeat","background-position":"center center","background-size":"auto","background-attachment":"scroll","background-type":"","background-media":"","overlay-type":"","overlay-color":"","overlay-opacity":"","overlay-gradient":""},"mobile":{"background-color":"var(--ast-global-color-5)","background-image":"","background-repeat":"repeat","background-position":"center center","background-size":"auto","background-attachment":"scroll","background-type":"","background-media":"","overlay-type":"","overlay-color":"","overlay-opacity":"","overlay-gradient":""}},"footnotes":""},"class_list":["post-15176","page","type-page","status-publish","hentry"],"aioseo_notices":[],"uagb_featured_image_src":{"full":false,"thumbnail":false,"medium":false,"medium_large":false,"large":false,"1536x1536":false,"2048x2048":false,"woocommerce_thumbnail":false,"woocommerce_single":false,"woocommerce_gallery_thumbnail":false},"uagb_author_info":{"display_name":"unikbotanik","author_link":"https:\/\/unikbotanik.se\/sv\/author\/unikbotanik\/"},"uagb_comment_info":0,"uagb_excerpt":"[vc_row][vc_column][vc_column_text]P\u00e5 denna sida kan du hitta workshops, evenemang, m\u00e4ssor och annat som vi anordnar eller deltar i. V\u00e4lkommen att anm\u00e4la dig till workshop eller bes\u00f6ka oss n\u00e4r vi \u00e4r ute p\u00e5 vift i landet. Vi ser fram emot att tr\u00e4ffas! N\u00e4r vi \u00e4r ute p\u00e5 m\u00e4ssor eller liknande kan vi oftast, i m\u00e5n av plats,&hellip;","_links":{"self":[{"href":"https:\/\/unikbotanik.se\/sv\/wp-json\/wp\/v2\/pages\/15176","targetHints":{"allow":["GET"]}}],"collection":[{"href":"https:\/\/unikbotanik.se\/sv\/wp-json\/wp\/v2\/pages"}],"about":[{"href":"https:\/\/unikbotanik.se\/sv\/wp-json\/wp\/v2\/types\/page"}],"author":[{"embeddable":true,"href":"https:\/\/unikbotanik.se\/sv\/wp-json\/wp\/v2\/users\/2"}],"replies":[{"embeddable":true,"href":"https:\/\/unikbotanik.se\/sv\/wp-json\/wp\/v2\/comments?post=15176"}],"version-history":[{"count":23,"href":"https:\/\/unikbotanik.se\/sv\/wp-json\/wp\/v2\/pages\/15176\/revisions"}],"predecessor-version":[{"id":17697,"href":"https:\/\/unikbotanik.se\/sv\/wp-json\/wp\/v2\/pages\/15176\/revisions\/17697"}],"wp:attachment":[{"href":"https:\/\/unikbotanik.se\/sv\/wp-json\/wp\/v2\/media?parent=15176"}],"curies":[{"name":"wp","href":"https:\/\/api.w.org\/{rel}","templated":true}]}}